{"id":1643,"date":"2023-09-03T16:08:46","date_gmt":"2023-09-03T14:08:46","guid":{"rendered":"https:\/\/gdrf-studio.com\/cdh64test\/sport-sante-handisport-organisme-de-reinsertion-professionnelle-cric\/"},"modified":"2023-09-15T14:04:00","modified_gmt":"2023-09-15T12:04:00","slug":"sport-sante-handisport-organisme-de-reinsertion-professionnelle-cric","status":"publish","type":"page","link":"https:\/\/www.cdhandisport64.org\/es\/sport-sante-handisport-organisme-de-reinsertion-professionnelle-cric\/","title":{"rendered":"Deporte y salud para el Deporte adaptado, organismo de reinserci\u00f3n profesional (CRIC)"},"content":{"rendered":"<p>[et_pb_section fb_built=\u00bb1&#8243; custom_padding_last_edited=\u00bbon|phone\u00bb next_background_color=\u00bb#ffffff\u00bb admin_label=\u00bbHeader\u00bb _builder_version=\u00bb4.21.0&#8243; use_background_color_gradient=\u00bbon\u00bb background_color_gradient_direction=\u00bb165deg\u00bb background_color_gradient_stops=\u00bbrgba(46,44,126,0.35) 1%|#000000 100%\u00bb background_color_gradient_overlays_image=\u00bbon\u00bb background_color_gradient_start=\u00bbrgba(38,45,63,0.67)\u00bb background_color_gradient_end=\u00bb#262d3f\u00bb custom_padding=\u00bb10vw||10vw||true|false\u00bb custom_padding_tablet=\u00bb115px||115px||true|false\u00bb bottom_divider_style=\u00bbramp\u00bb bottom_divider_height=\u00bb6vw\u00bb bottom_divider_flip=\u00bbhorizontal\u00bb hover_enabled=\u00bb0&#8243; global_colors_info=\u00bb{}\u00bb custom_padding_phone=\u00bb30px||10px||false|false\u00bb sticky_enabled=\u00bb0&#8243; title_text=\u00bbCRIC\u00bb background_image=\u00bbhttps:\/\/www.cdhandisport64.org\/wp-content\/uploads\/2023\/09\/CRIC.jpeg\u00bb][et_pb_row _builder_version=\u00bb4.16&#8243; global_colors_info=\u00bb{}\u00bb][et_pb_column type=\u00bb4_4&#8243; _builder_version=\u00bb4.16&#8243; custom_padding=\u00bb|||\u00bb global_colors_info=\u00bb{}\u00bb custom_padding__hover=\u00bb|||\u00bb][et_pb_text content_tablet=\u00bb<\/p>\n<h1>Divi <strong><span style=%22color: #17bdfb;%22>Gym<\/span><\/strong> Layout<\/h1>\n<p>\u00bb content_last_edited=\u00bboff|phone\u00bb _builder_version=\u00bb4.21.0&#8243; _module_preset=\u00bbdefault\u00bb text_font=\u00bb||||||||\u00bb text_text_color=\u00bb#ffffff\u00bb header_font=\u00bbBarlow Condensed|500|||||||\u00bb header_text_align=\u00bbcenter\u00bb header_text_color=\u00bb#ffffff\u00bb header_font_size=\u00bb96px\u00bb header_line_height=\u00bb1.1em\u00bb header_2_font=\u00bbBarlow Condensed|600|||||||\u00bb header_3_font=\u00bbBarlow Condensed||||||||\u00bb header_4_font=\u00bbBarlow Condensed||||||||\u00bb header_5_font=\u00bbBarlow Condensed||||||||\u00bb header_6_font=\u00bbBarlow Condensed||||||||\u00bb custom_margin=\u00bb-33px|||\u00bb custom_padding=\u00bb18px||18px||true\u00bb custom_padding_tablet=\u00bb\u00bb custom_padding_phone=\u00bb25px||25px||true|false\u00bb custom_padding_last_edited=\u00bbon|phone\u00bb header_font_size_tablet=\u00bb60px\u00bb header_font_size_phone=\u00bb30px\u00bb header_font_size_last_edited=\u00bbon|phone\u00bb locked=\u00bboff\u00bb global_colors_info=\u00bb{}\u00bb hover_enabled=\u00bb0&#8243; sticky_enabled=\u00bb0&#8243;]<\/p>\n<h1>Deporte y salud para el Deporte adaptado, organismo<span style=\"color: #17bdfb; font-weight: 600;\">de reinserci\u00f3n profesional (CRIC)<br \/><\/span><\/h1>\n<p>[\/et_pb_text][\/et_pb_column][\/et_pb_row][\/et_pb_section][et_pb_section fb_built=\u00bb1&#8243; _builder_version=\u00bb4.21.0&#8243; _module_preset=\u00bb57977f59-6b57-48c3-a9b2-37269e4e1fe8&#8243; background_image=\u00bbhttps:\/\/www.cdhandisport64.org\/wp-content\/uploads\/2023\/07\/dots.png\u00bb background_size=\u00bbinitial\u00bb background_position=\u00bbtop_left\u00bb custom_padding=\u00bb35px|0px|10px|0px|false|false\u00bb hover_enabled=\u00bb0&#8243; background_last_edited=\u00bbon|phone\u00bb background_image_tablet=\u00bbhttps:\/\/www.cdhandisport64.org\/wp-content\/uploads\/2023\/07\/dots-background-2.png\u00bb background_image_phone=\u00bbhttps:\/\/www.cdhandisport64.org\/wp-content\/uploads\/2023\/07\/dots-180&#215;180-1.png\u00bb background_enable_image_tablet=\u00bbon\u00bb background_enable_image_phone=\u00bbon\u00bb locked=\u00bboff\u00bb global_colors_info=\u00bb{}\u00bb custom_padding_last_edited=\u00bbon|phone\u00bb custom_padding_phone=\u00bb10px||||false|false\u00bb sticky_enabled=\u00bb0&#8243; custom_padding_tablet=\u00bb35px|0px|10px|0px|false|false\u00bb][et_pb_row _builder_version=\u00bb4.16&#8243; _module_preset=\u00bb7d9f62a9-f8e9-456c-a1a9-95b078c8f364&#8243; custom_padding=\u00bb15px|0px||0px|false|false\u00bb global_colors_info=\u00bb{}\u00bb][et_pb_column type=\u00bb4_4&#8243; _builder_version=\u00bb4.16&#8243; _module_preset=\u00bbdefault\u00bb custom_padding=\u00bb|||\u00bb global_colors_info=\u00bb{}\u00bb custom_padding__hover=\u00bb|||\u00bb][et_pb_text _builder_version=\u00bb4.21.0&#8243; _module_preset=\u00bbdefault\u00bb text_font=\u00bbRoboto||||||||\u00bb text_text_color=\u00bb#141827&#8243; text_font_size=\u00bb18px\u00bb text_line_height=\u00bb1.8em\u00bb header_font=\u00bbBarlow Condensed|300|||||||\u00bb header_text_color=\u00bb#ffffff\u00bb header_font_size=\u00bb68px\u00bb header_line_height=\u00bb0.9em\u00bb header_2_font=\u00bbBarlow Condensed||||||||\u00bb header_3_font=\u00bbBarlow Condensed||||||||\u00bb header_4_font=\u00bbBarlow Condensed||||||||\u00bb header_5_font=\u00bbBarlow Condensed||||||||\u00bb header_6_font=\u00bbBarlow Condensed||||||||\u00bb text_orientation=\u00bbcenter\u00bb max_width=\u00bb70%\u00bb max_width_tablet=\u00bb100%\u00bb max_width_phone=\u00bb100%\u00bb max_width_last_edited=\u00bbon|phone\u00bb module_alignment=\u00bbcenter\u00bb custom_margin=\u00bb-13px||\u00bb custom_padding=\u00bb0px||\u00bb header_font_size_tablet=\u00bb64px\u00bb header_font_size_phone=\u00bb56px\u00bb header_font_size_last_edited=\u00bbon|phone\u00bb text_orientation_tablet=\u00bbleft\u00bb text_orientation_phone=\u00bb\u00bb text_orientation_last_edited=\u00bbon|tablet\u00bb custom_css_main_element=\u00bbfont-weight:400;\u00bb global_colors_info=\u00bb{}\u00bb]Trabajamos los martes por la tarde en Pau y Juran\u00e7on en el \u00abCRIC Pyr\u00e9n\u00e9es\u00bb, organismo de formaci\u00f3n, reciclaje y reinserci\u00f3n profesional de personas reconocidas como discapacitadas.<\/p>\n<p>Las actividades deportivas se centran en el bienestar, la autonom\u00eda y el esp\u00edritu de equipo.[\/et_pb_text][\/et_pb_column][\/et_pb_row][\/et_pb_section][et_pb_section fb_built=\u00bb1&#8243; _builder_version=\u00bb4.22.1&#8243; _module_preset=\u00bbdefault\u00bb background_enable_color=\u00bboff\u00bb custom_margin=\u00bb|50px|45px|50px|false|true\u00bb custom_padding=\u00bb0px||0px||true|false\u00bb hover_enabled=\u00bb0&#8243; border_radii=\u00bbon|18px|18px|18px|18px\u00bb box_shadow_style=\u00bbpreset1&#8243; box_shadow_color=\u00bbrgba(0,0,0,0.2)\u00bb locked=\u00bboff\u00bb global_colors_info=\u00bb{}\u00bb custom_margin_last_edited=\u00bbon|phone\u00bb custom_margin_phone=\u00bb|30px|45px|30px|false|true\u00bb sticky_enabled=\u00bb0&#8243; custom_margin_tablet=\u00bb|50px|45px|50px|false|true\u00bb][et_pb_row column_structure=\u00bb1_4,1_4,1_4,1_4&#8243; use_custom_gutter=\u00bbon\u00bb gutter_width=\u00bb1&#8243; make_equal=\u00bbon\u00bb _builder_version=\u00bb4.22.1&#8243; _module_preset=\u00bbdefault\u00bb width=\u00bb100%\u00bb max_width=\u00bb100%\u00bb custom_margin=\u00bb||||false|false\u00bb custom_padding=\u00bb0px||0px||true|false\u00bb hover_enabled=\u00bb0&#8243; global_colors_info=\u00bb{}\u00bb sticky_enabled=\u00bb0&#8243;][et_pb_column type=\u00bb1_4&#8243; _builder_version=\u00bb4.22.1&#8243; _module_preset=\u00bbdefault\u00bb background_color=\u00bbgcid-d52748ab-9589-4154-b821-28a8ccad2ce6&#8243; custom_padding=\u00bb0px|40px|0px|40px|true|true\u00bb animation_style=\u00bbslide\u00bb animation_direction=\u00bbbottom\u00bb hover_enabled=\u00bb0&#8243; global_colors_info=\u00bb{%22gcid-d52748ab-9589-4154-b821-28a8ccad2ce6%22:%91%22background_color%22%93}\u00bb sticky_enabled=\u00bb0&#8243; custom_padding_last_edited=\u00bbon|phone\u00bb custom_padding_phone=\u00bb20px|10px|40px|10px|false|true\u00bb custom_padding_tablet=\u00bb0px|40px|0px|40px|true|true\u00bb][et_pb_blurb title=\u00bbLugar\u00bb use_icon=\u00bbon\u00bb font_icon=\u00bb&#xe081;||divi||400&#8243; icon_color=\u00bbgcid-f2493905-b5ad-49a2-8315-6db65c89bfb5&#8243; icon_placement=\u00bbleft\u00bb image_icon_width=\u00bb30px\u00bb content_max_width=\u00bb100%\u00bb _builder_version=\u00bb4.21.0&#8243; _module_preset=\u00bba2a484eb-efdb-4f10-b42f-f9bd75d2a965&#8243; header_font=\u00bbBarlow Condensed|600|||||||\u00bb header_text_color=\u00bbgcid-f2493905-b5ad-49a2-8315-6db65c89bfb5&#8243; header_font_size=\u00bb24px\u00bb header_line_height=\u00bb1.2em\u00bb body_font=\u00bbRoboto||||||||\u00bb body_text_color=\u00bbgcid-f2493905-b5ad-49a2-8315-6db65c89bfb5&#8243; body_font_size=\u00bb18px\u00bb body_line_height=\u00bb1.6em\u00bb width=\u00bb100%\u00bb custom_padding=\u00bb55px||55px||true|false\u00bb custom_padding_tablet=\u00bb\u00bb custom_padding_phone=\u00bb||10px||false|false\u00bb custom_padding_last_edited=\u00bbon|phone\u00bb animation=\u00bboff\u00bb custom_css_blurb_content=\u00bbfont-weight:400;\u00bb border_width_top_image=\u00bb4px\u00bb border_color_top_image=\u00bbrgba(0,0,0,0)\u00bb border_width_right_image=\u00bb9px\u00bb border_color_right_image=\u00bbrgba(0,0,0,0)\u00bb icon_font_size=\u00bb30px\u00bb locked=\u00bboff\u00bb global_colors_info=\u00bb{%22gcid-f2493905-b5ad-49a2-8315-6db65c89bfb5%22:%91%22icon_color%22,%22header_text_color%22,%22body_text_color%22,%22icon_color%22,%22header_text_color%22%93,%22gcid-9743d87f-95c0-4d64-8f08-d65d0c12a100%22:%91%22body_text_color%22%93,%22gcid-8a68e07a-9bf7-4007-b38c-250b5f94308c%22:%91%22icon_color%22%93}\u00bb]<\/p>\n<p>CRIC Pau y CRIC Juran\u00e7on<\/p>\n<p>[\/et_pb_blurb][\/et_pb_column][et_pb_column type=\u00bb1_4&#8243; _builder_version=\u00bb4.22.1&#8243; _module_preset=\u00bbdefault\u00bb background_color=\u00bbgcid-839a7cc2-cc66-4996-a117-8eccde53d398&#8243; custom_padding=\u00bb0px|40px|0px|40px|true|true\u00bb animation_style=\u00bbslide\u00bb animation_direction=\u00bbbottom\u00bb animation_duration=\u00bb1250ms\u00bb animation_delay=\u00bb250ms\u00bb hover_enabled=\u00bb0&#8243; global_colors_info=\u00bb{%22gcid-839a7cc2-cc66-4996-a117-8eccde53d398%22:%91%22background_color%22%93}\u00bb sticky_enabled=\u00bb0&#8243; custom_padding_last_edited=\u00bbon|phone\u00bb custom_padding_phone=\u00bb0px|10px|40px|10px|false|true\u00bb custom_padding_tablet=\u00bb0px|40px|0px|40px|true|true\u00bb][et_pb_blurb title=\u00bbSesiones\u00bb use_icon=\u00bbon\u00bb font_icon=\u00bb&#xf073;||fa||900&#8243; icon_color=\u00bbgcid-f2493905-b5ad-49a2-8315-6db65c89bfb5&#8243; icon_placement=\u00bbleft\u00bb image_icon_width=\u00bb30px\u00bb content_max_width=\u00bb100%\u00bb _builder_version=\u00bb4.21.0&#8243; _module_preset=\u00bba2a484eb-efdb-4f10-b42f-f9bd75d2a965&#8243; header_font=\u00bbBarlow Condensed|600|||||||\u00bb header_text_color=\u00bbgcid-f2493905-b5ad-49a2-8315-6db65c89bfb5&#8243; header_font_size=\u00bb24px\u00bb header_line_height=\u00bb1.2em\u00bb body_font=\u00bbRoboto||||||||\u00bb body_text_color=\u00bbgcid-f2493905-b5ad-49a2-8315-6db65c89bfb5&#8243; body_font_size=\u00bb18px\u00bb body_line_height=\u00bb1.6em\u00bb width=\u00bb100%\u00bb custom_padding=\u00bb55px||55px||true|false\u00bb custom_padding_tablet=\u00bb\u00bb custom_padding_phone=\u00bb||10px||false|false\u00bb custom_padding_last_edited=\u00bbon|phone\u00bb animation=\u00bboff\u00bb custom_css_blurb_content=\u00bbfont-weight:400;\u00bb border_width_top_image=\u00bb4px\u00bb border_color_top_image=\u00bbrgba(0,0,0,0)\u00bb border_width_right_image=\u00bb9px\u00bb border_color_right_image=\u00bbrgba(0,0,0,0)\u00bb icon_font_size=\u00bb30px\u00bb locked=\u00bboff\u00bb global_colors_info=\u00bb{%22gcid-f2493905-b5ad-49a2-8315-6db65c89bfb5%22:%91%22icon_color%22,%22header_text_color%22,%22body_text_color%22,%22icon_color%22,%22header_text_color%22%93,%22gcid-9743d87f-95c0-4d64-8f08-d65d0c12a100%22:%91%22body_text_color%22%93}\u00bb]<\/p>\n<p>Las sesiones tienen lugar los martes a la tarde y est\u00e1n reservadas para las personas inscritas al organismo de formaci\u00f3n \u00abCRIC\u00bb<\/p>\n<p>[\/et_pb_blurb][\/et_pb_column][et_pb_column type=\u00bb1_4&#8243; _builder_version=\u00bb4.22.1&#8243; _module_preset=\u00bbdefault\u00bb background_color=\u00bb#D6D6D6&#8243; custom_padding=\u00bb0px|40px|0px|40px|true|true\u00bb animation_style=\u00bbslide\u00bb animation_direction=\u00bbbottom\u00bb animation_duration=\u00bb1500ms\u00bb animation_delay=\u00bb500ms\u00bb hover_enabled=\u00bb0&#8243; background_last_edited=\u00bbon|tablet\u00bb background_color_tablet=\u00bbgcid-839a7cc2-cc66-4996-a117-8eccde53d398&#8243; background_enable_color_tablet=\u00bbon\u00bb sticky_enabled=\u00bb0&#8243; background_color_phone=\u00bbgcid-d52748ab-9589-4154-b821-28a8ccad2ce6&#8243; background_enable_color_phone=\u00bbon\u00bb custom_padding_phone=\u00bb0px|10px|40px|10px|false|true\u00bb custom_padding_last_edited=\u00bbon|phone\u00bb global_colors_info=\u00bb{%22gcid-839a7cc2-cc66-4996-a117-8eccde53d398%22:%91%22background_color%22,%22background_color%22%93,%22gcid-d52748ab-9589-4154-b821-28a8ccad2ce6%22:%91%22background_color%22%93}\u00bb custom_padding_tablet=\u00bb0px|40px|0px|40px|true|true\u00bb][et_pb_blurb title=\u00bbInscripci\u00f3n\u00bb use_icon=\u00bbon\u00bb font_icon=\u00bb&#xf153;||fa||900&#8243; icon_color=\u00bbgcid-f2493905-b5ad-49a2-8315-6db65c89bfb5&#8243; icon_placement=\u00bbleft\u00bb image_icon_width=\u00bb30px\u00bb content_max_width=\u00bb100%\u00bb _builder_version=\u00bb4.21.0&#8243; _module_preset=\u00bba2a484eb-efdb-4f10-b42f-f9bd75d2a965&#8243; header_font=\u00bbBarlow Condensed|600|||||||\u00bb header_text_color=\u00bbgcid-f2493905-b5ad-49a2-8315-6db65c89bfb5&#8243; header_font_size=\u00bb24px\u00bb header_line_height=\u00bb1.2em\u00bb body_font=\u00bbRoboto||||||||\u00bb body_text_color=\u00bbgcid-f2493905-b5ad-49a2-8315-6db65c89bfb5&#8243; body_font_size=\u00bb18px\u00bb body_line_height=\u00bb1.6em\u00bb width=\u00bb100%\u00bb custom_padding=\u00bb55px||55px||true|false\u00bb custom_padding_tablet=\u00bb\u00bb custom_padding_phone=\u00bb||10px||false|false\u00bb custom_padding_last_edited=\u00bbon|phone\u00bb animation=\u00bboff\u00bb custom_css_blurb_content=\u00bbfont-weight:400;\u00bb border_width_top_image=\u00bb4px\u00bb border_color_top_image=\u00bbrgba(0,0,0,0)\u00bb border_width_right_image=\u00bb9px\u00bb border_color_right_image=\u00bbrgba(0,0,0,0)\u00bb icon_font_size=\u00bb30px\u00bb locked=\u00bboff\u00bb global_colors_info=\u00bb{%22gcid-f2493905-b5ad-49a2-8315-6db65c89bfb5%22:%91%22icon_color%22,%22header_text_color%22,%22body_text_color%22,%22icon_color%22,%22header_text_color%22%93,%22gcid-9743d87f-95c0-4d64-8f08-d65d0c12a100%22:%91%22body_text_color%22%93,%22gcid-8a68e07a-9bf7-4007-b38c-250b5f94308c%22:%91%22background_color%22%93}\u00bb]<\/p>\n<p><em><\/em>El organismo paga los gastos<\/p>\n<p>[\/et_pb_blurb][\/et_pb_column][et_pb_column type=\u00bb1_4&#8243; _builder_version=\u00bb4.22.1&#8243; _module_preset=\u00bbdefault\u00bb background_color=\u00bb#EFEFEF\u00bb custom_padding=\u00bb0px|40px|0px|40px|true|true\u00bb animation_style=\u00bbslide\u00bb animation_direction=\u00bbbottom\u00bb animation_duration=\u00bb1250ms\u00bb animation_delay=\u00bb250ms\u00bb hover_enabled=\u00bb0&#8243; background_last_edited=\u00bbon|tablet\u00bb background_color_tablet=\u00bbgcid-d52748ab-9589-4154-b821-28a8ccad2ce6&#8243; background_enable_color_tablet=\u00bbon\u00bb sticky_enabled=\u00bb0&#8243; background_color_phone=\u00bbgcid-839a7cc2-cc66-4996-a117-8eccde53d398&#8243; background_enable_color_phone=\u00bbon\u00bb custom_padding_phone=\u00bb0px|10px|40px|10px|false|true\u00bb custom_padding_last_edited=\u00bbon|phone\u00bb global_colors_info=\u00bb{%22gcid-839a7cc2-cc66-4996-a117-8eccde53d398%22:%91%22background_color%22,%22background_color%22,%22background_color%22%93}\u00bb custom_padding_tablet=\u00bb0px|40px|0px|40px|true|true\u00bb][et_pb_blurb title=\u00bbContacto\u00bb use_icon=\u00bbon\u00bb font_icon=\u00bb&#xe00b;||divi||400&#8243; icon_color=\u00bbgcid-f2493905-b5ad-49a2-8315-6db65c89bfb5&#8243; icon_placement=\u00bbleft\u00bb image_icon_width=\u00bb30px\u00bb content_max_width=\u00bb100%\u00bb _builder_version=\u00bb4.22.1&#8243; _module_preset=\u00bba2a484eb-efdb-4f10-b42f-f9bd75d2a965&#8243; header_font=\u00bbBarlow Condensed|600|||||||\u00bb header_text_color=\u00bbgcid-f2493905-b5ad-49a2-8315-6db65c89bfb5&#8243; header_font_size=\u00bb24px\u00bb header_line_height=\u00bb1.2em\u00bb body_font=\u00bbRoboto||||||||\u00bb body_text_color=\u00bbgcid-f2493905-b5ad-49a2-8315-6db65c89bfb5&#8243; body_font_size=\u00bb18px\u00bb body_line_height=\u00bb1.6em\u00bb width=\u00bb100%\u00bb custom_padding=\u00bb55px||55px||true|false\u00bb custom_padding_tablet=\u00bb\u00bb custom_padding_phone=\u00bb||10px||false|false\u00bb custom_padding_last_edited=\u00bbon|phone\u00bb animation=\u00bboff\u00bb hover_enabled=\u00bb0&#8243; custom_css_blurb_content=\u00bbfont-weight:400;\u00bb border_width_top_image=\u00bb4px\u00bb border_color_top_image=\u00bbrgba(0,0,0,0)\u00bb border_width_right_image=\u00bb9px\u00bb border_color_right_image=\u00bbrgba(0,0,0,0)\u00bb icon_font_size=\u00bb30px\u00bb locked=\u00bboff\u00bb global_colors_info=\u00bb{%22gcid-f2493905-b5ad-49a2-8315-6db65c89bfb5%22:%91%22icon_color%22,%22header_text_color%22,%22body_text_color%22,%22icon_color%22,%22header_text_color%22%93,%22gcid-9743d87f-95c0-4d64-8f08-d65d0c12a100%22:%91%22body_text_color%22%93,%22gcid-8a68e07a-9bf7-4007-b38c-250b5f94308c%22:%91%22icon_color%22%93}\u00bb body_link_font=\u00bb||||on|||gcid-aa21a5c8-3373-4bed-b4ba-aa0e9cc96566|\u00bb sticky_enabled=\u00bb0&#8243;]<\/p>\n<p>Estelle Saint Aubin<br \/>06.06.46.65.31<br \/><a href=\"mailto:cd64@handisport.org\">cd64@handisport.org<\/a><\/p>\n<p>[\/et_pb_blurb][\/et_pb_column][\/et_pb_row][\/et_pb_section][et_pb_section fb_built=\u00bb1&#8243; _builder_version=\u00bb4.21.0&#8243; _module_preset=\u00bbdefault\u00bb custom_padding=\u00bb13px||11px|||\u00bb locked=\u00bboff\u00bb global_colors_info=\u00bb{}\u00bb][et_pb_row _builder_version=\u00bb4.21.0&#8243; _module_preset=\u00bbdefault\u00bb custom_padding=\u00bb7px|||||\u00bb locked=\u00bboff\u00bb global_colors_info=\u00bb{}\u00bb][et_pb_column type=\u00bb4_4&#8243; _builder_version=\u00bb4.21.0&#8243; _module_preset=\u00bbdefault\u00bb global_colors_info=\u00bb{}\u00bb][et_pb_button button_url=\u00bb@ET-DC@eyJkeW5hbWljIjp0cnVlLCJjb250ZW50IjoicG9zdF9saW5rX3VybF9wYWdlIiwic2V0dGluZ3MiOnsicG9zdF9pZCI6Ijg3MSJ9fQ==@\u00bb button_text=\u00bbContacto\u00bb button_alignment=\u00bbcenter\u00bb _builder_version=\u00bb4.21.0&#8243; _dynamic_attributes=\u00bbbutton_url\u00bb _module_preset=\u00bbdefault\u00bb custom_button=\u00bbon\u00bb button_text_size=\u00bb14px\u00bb button_text_color=\u00bb#141827&#8243; button_bg_color=\u00bb#17bdfb\u00bb button_border_width=\u00bb0px\u00bb button_border_color=\u00bb#ffffff\u00bb button_letter_spacing=\u00bb1px\u00bb button_font=\u00bbRoboto|600||on|||||\u00bb button_use_icon=\u00bboff\u00bb custom_margin=\u00bb||\u00bb custom_padding=\u00bb17px|30px|17px|30px|true|true\u00bb locked=\u00bboff\u00bb global_colors_info=\u00bb{}\u00bb button_bg_color__hover_enabled=\u00bbon|desktop\u00bb button_bg_color__hover=\u00bb#17bdfb\u00bb button_letter_spacing__hover_enabled=\u00bbon|hover\u00bb button_letter_spacing__hover=\u00bb2px\u00bb button_border_color__hover_enabled=\u00bbon|hover\u00bb button_border_color__hover=\u00bb#545454&#8243; button_text_color__hover_enabled=\u00bbon|desktop\u00bb button_text_color__hover=\u00bb#141827&#8243;][\/et_pb_button][\/et_pb_column][\/et_pb_row][\/et_pb_section]<\/p>\n","protected":false},"excerpt":{"rendered":"<p>Deporte y salud para el Deporte adaptado, organismode reinserci\u00f3n profesional (CRIC)Trabajamos los martes por la tarde en Pau y Juran\u00e7on en el \u00abCRIC Pyr\u00e9n\u00e9es\u00bb, organismo de formaci\u00f3n, reciclaje y reinserci\u00f3n profesional de personas reconocidas como discapacitadas. Las actividades deportivas se centran en el bienestar, la autonom\u00eda y el esp\u00edritu de equipo.CRIC Pau y CRIC Juran\u00e7onLas sesiones tienen lugar los martes a la tarde y est\u00e1n reservadas para las personas inscritas al organismo de formaci\u00f3n \u00abCRIC\u00bbEl organismo paga los gastosEstelle Saint Aubin06.06.46.65.31cd64@handisport.org<\/p>\n","protected":false},"author":1,"featured_media":0,"parent":0,"menu_order":0,"comment_status":"closed","ping_status":"closed","template":"","meta":{"_et_pb_use_builder":"on","_et_pb_old_content":"","_et_gb_content_width":"","footnotes":""},"class_list":["post-1643","page","type-page","status-publish","hentry"],"_links":{"self":[{"href":"https:\/\/www.cdhandisport64.org\/es\/wp-json\/wp\/v2\/pages\/1643","targetHints":{"allow":["GET"]}}],"collection":[{"href":"https:\/\/www.cdhandisport64.org\/es\/wp-json\/wp\/v2\/pages"}],"about":[{"href":"https:\/\/www.cdhandisport64.org\/es\/wp-json\/wp\/v2\/types\/page"}],"author":[{"embeddable":true,"href":"https:\/\/www.cdhandisport64.org\/es\/wp-json\/wp\/v2\/users\/1"}],"replies":[{"embeddable":true,"href":"https:\/\/www.cdhandisport64.org\/es\/wp-json\/wp\/v2\/comments?post=1643"}],"version-history":[{"count":4,"href":"https:\/\/www.cdhandisport64.org\/es\/wp-json\/wp\/v2\/pages\/1643\/revisions"}],"predecessor-version":[{"id":1729,"href":"https:\/\/www.cdhandisport64.org\/es\/wp-json\/wp\/v2\/pages\/1643\/revisions\/1729"}],"wp:attachment":[{"href":"https:\/\/www.cdhandisport64.org\/es\/wp-json\/wp\/v2\/media?parent=1643"}],"curies":[{"name":"wp","href":"https:\/\/api.w.org\/{rel}","templated":true}]}}